{"id":478,"date":"2022-01-03T22:35:29","date_gmt":"2022-01-03T21:35:29","guid":{"rendered":"http:\/\/cabinet-souffoy-rittner.com\/?page_id=478"},"modified":"2025-11-28T23:12:06","modified_gmt":"2025-11-28T22:12:06","slug":"lequipe-pluridisciplinaire","status":"publish","type":"page","link":"https:\/\/cabinet-souffoy-rittner.com\/index.php\/lequipe-pluridisciplinaire\/","title":{"rendered":"L&rsquo;\u00e9quipe pluridisciplinaire"},"content":{"rendered":"\n<p class=\"has-text-color\" style=\"color:#567483;font-size:18px\"><\/p>\n\n\n\n<p class=\"has-text-align-center has-text-color has-link-color has-medium-font-size wp-elements-4014c88b67325ea0fc77619c76c54e39\" style=\"color:#90877b\"><strong>Sandrine SOUFFOY-RITTNER <\/strong><\/p>\n\n\n\n<p class=\"has-text-align-center has-text-color has-link-color wp-elements-2122006997635f27f2769e62228ab0f2\" style=\"color:#90877b\">Th\u00e9rapeute holistique, coach en&nbsp;psychologie positive&nbsp;et consultante en transition de vie<\/p>\n\n\n<div class=\"wp-block-image\">\n<figure class=\"aligncenter size-full is-resized\"><img loading=\"lazy\" decoding=\"async\" width=\"640\" height=\"433\" src=\"https:\/\/cabinet-souffoy-rittner.com\/wp-content\/uploads\/2025\/11\/Bdef_JNL_R__011040_.jpeg\" alt=\"\" class=\"wp-image-684\" style=\"width:454px;height:auto\" srcset=\"https:\/\/cabinet-souffoy-rittner.com\/wp-content\/uploads\/2025\/11\/Bdef_JNL_R__011040_.jpeg 640w, https:\/\/cabinet-souffoy-rittner.com\/wp-content\/uploads\/2025\/11\/Bdef_JNL_R__011040_-300x203.jpeg 300w\" sizes=\"auto, (max-width: 640px) 100vw, 640px\" \/><\/figure><\/div>\n\n\n<p>Dipl\u00f4m\u00e9e en&nbsp;th\u00e9rapie holistique&nbsp;et&nbsp;coach certifi\u00e9e en psychologie positive, j\u2019ai construit une pratique d\u00e9di\u00e9e \u00e0 l\u2019accompagnement des&nbsp;transitions scolaires, professionnelles et personnelles. Mon expertise, renforc\u00e9e par une&nbsp;formation en&nbsp;bilan de comp\u00e9tences&nbsp;(partenaire ORIENTACTION\u00ae, laur\u00e9at du&nbsp;Prix Psychologies Magazine 2025), s\u2019appuie sur une approche&nbsp;globale et humaniste, o\u00f9 chaque individu est consid\u00e9r\u00e9 dans sa singularit\u00e9 et son potentiel.<\/p>\n\n\n\n<p>Ma pratique repose sur une&nbsp;vision int\u00e9grative&nbsp;des dynamiques humaines, combinant :<\/p>\n\n\n<ul>\n<li style=\"list-style-type: none;\">\n<ul>\n<li style=\"list-style-type: none;\">\n<ul>\n<li>L\u2019identification des ressources internes pour clarifier les aspirations et lever les blocages \u00e9motionnels,<\/li>\n<li><span style=\"font-size: 1rem;\">Des outils concrets de psychologie positive pour renforcer la confiance en soi et la r\u00e9silience,<\/span><\/li>\n<li><span style=\"font-size: 1rem;\">Une m\u00e9thodologie structur\u00e9e\u00a0(bilans, s\u00e9ances individuelles, restitutions) pour s\u00e9curiser les choix et faciliter la mise en action.<\/span><\/li>\n<\/ul>\n<\/li>\n<\/ul>\n<\/li>\n<\/ul>\n\n\n<p>Je m\u2019adresse \u00e0 un public vari\u00e9 \u2014&nbsp;adolescents, jeunes adultes, actifs en reconversion ou seniors&nbsp;\u2014 pour les accompagner dans leurs questionnements, qu\u2019ils rel\u00e8vent de l\u2019orientation, de la reconversion ou de la recherche de sens. Mon objectif est de leur permettre de&nbsp;s\u2019engager dans des trajectoires align\u00e9es avec leurs valeurs et leurs comp\u00e9tences, tout en prenant en compte leurs sp\u00e9cificit\u00e9s \u00e9motionnelles et cognitives.<\/p>\n\n\n\n<p>Au sein du&nbsp;CCAF, je propose des accompagnements&nbsp;sur mesure, en pr\u00e9sentiel ou \u00e0 distance, pour r\u00e9pondre aux besoins de chacun avec&nbsp;rigueur, \u00e9coute et bienveillance<\/p>\n\n\n\n<hr class=\"wp-block-separator has-alpha-channel-opacity\"\/>\n\n\n\n<p class=\"has-text-align-center has-text-color has-link-color has-medium-font-size wp-elements-7285f796e37e735b92ddc5754ecb48f0\" style=\"color:#90877b\"><strong>Docteur Claire MORIN <\/strong><\/p>\n\n\n\n<p class=\"has-text-align-center has-text-color has-link-color wp-elements-ef765f923a2d3b71314017b570cd8a3e\" style=\"color:#90877b\">M\u00e9decin psychiatre<\/p>\n\n\n<div class=\"wp-block-image\">\n<figure class=\"aligncenter size-full is-resized\"><img loading=\"lazy\" decoding=\"async\" width=\"454\" height=\"512\" src=\"https:\/\/cabinet-souffoy-rittner.com\/wp-content\/uploads\/2025\/11\/image.png\" alt=\"\" class=\"wp-image-685\" style=\"width:252px;height:auto\" srcset=\"https:\/\/cabinet-souffoy-rittner.com\/wp-content\/uploads\/2025\/11\/image.png 454w, https:\/\/cabinet-souffoy-rittner.com\/wp-content\/uploads\/2025\/11\/image-266x300.png 266w\" sizes=\"auto, (max-width: 454px) 100vw, 454px\" \/><\/figure><\/div>\n\n<p>Prise de poste de chef de service en psychiatrie (avril 2025)<\/p>\n<p>Praticien hospitalier en psychiatrie (juillet 2024)<\/p>\n<ul>\n<li style=\"list-style-type: none;\">\n<ul>\n<li>Master 1 mention SIMS (Sciences, ing\u00e9nierie et management de la sant\u00e9) (juillet 2017)<\/li>\n<li><span style=\"font-size: 1rem;\">Dipl\u00f4me d\u2019\u00c9tat de docteur de m\u00e9decine, sp\u00e9cialit\u00e9 psychiatrie (novembre 2021)<\/span><\/li>\n<li><span style=\"font-size: 1rem;\">Dipl\u00f4me de Th\u00e9rapies cognitivo-comportementales de l\u2019Universit\u00e9 de Paris Descartes (novembre 2022).<\/span><\/li>\n<\/ul>\n<\/li>\n<\/ul>\n<p>Lien d\u2019int\u00e9r\u00eats : cofondatrice de <a href=\"https:\/\/cabinet-souffoy-rittner.com\/index.php\/projet-lyynk\/\"><strong>Projet Lyynk<\/strong><\/a><\/p>\n\n\n<hr class=\"wp-block-separator has-alpha-channel-opacity\"\/>\n\n\n\n<p class=\"has-text-align-center has-text-color has-link-color has-medium-font-size wp-elements-306d61c134c3b71a3468633606157e2f\" style=\"color:#90877b\"><strong>Docteur Celine BERDAH<\/strong><\/p>\n\n\n\n<p class=\"has-text-align-center has-text-color has-link-color wp-elements-5bb072128df1cde5bfbdc46cc19402c3\" style=\"color:#90877b\">Psychiatre &#8211; Addictologie <\/p>\n\n\n\n<p>Le docteur C\u00e9line Berdah&nbsp;vous re\u00e7oit dans son cabinet les lundis, les mardis et les jeudis matin. Le psychiatre est un m\u00e9decin sp\u00e9cialis\u00e9 en sant\u00e9 mentale. Il diagnostique, traite et tente de pr\u00e9venir la souffrance psychique et les maladies mentales.<\/p>\n\n\n<ul>\n<li style=\"list-style-type: none;\">\n<ul>\n<li style=\"list-style-type: none;\">\n<ul>\n<li>Master en neuropsychologie et neurosciences cliniques &#8211; Facult\u00e9 de m\u00e9decine de Paris-Descartes ( Master 2005)<\/li>\n<li><span style=\"font-size: 1rem;\">DESC d&rsquo;addictologie &#8211; Paris (2009)<\/span><\/li>\n<li><span style=\"font-size: 1rem;\">DES de psychiatrie g\u00e9n\u00e9rale &#8211; Tours (2006)<\/span><\/li>\n<\/ul>\n<\/li>\n<\/ul>\n<\/li>\n<\/ul>\n\n\n<ul class=\"wp-block-list\"><\/ul>\n\n\n\n<hr class=\"wp-block-separator has-alpha-channel-opacity\"\/>\n\n\n\n<p class=\"has-text-align-center has-text-color has-link-color has-medium-font-size wp-elements-ceee4d20c1a3a5d367c9a3b364efa97b\" style=\"color:#90877b\"><strong>Catherine RANVAL-DARIO<\/strong><\/p>\n\n\n\n<p class=\"has-text-align-center has-text-color has-link-color wp-elements-cf477252781fd4628ce70139e254beaa\" style=\"color:#90877b\">Graphoth\u00e9rapeute approche plurielle &#8211; Art th\u00e9rapeute <\/p>\n\n\n<div class=\"wp-block-image\">\n<figure class=\"aligncenter size-full is-resized\"><img loading=\"lazy\" decoding=\"async\" width=\"192\" height=\"280\" src=\"https:\/\/cabinet-souffoy-rittner.com\/wp-content\/uploads\/2025\/11\/image-1.png\" alt=\"\" class=\"wp-image-686\" style=\"width:228px;height:auto\"\/><\/figure><\/div>\n\n\n<p>\u00c0 l&rsquo;issue d&rsquo;un cursus universitaire en Sciences Humaines et Sociales, je me suis tourn\u00e9e vers l&rsquo;aide \u00e0 l&rsquo;enfance, essayant, en particulier, de pallier certaines carences de l&rsquo;\u00e9cole. C&rsquo;est ainsi que j&rsquo;ai \u00e9t\u00e9 sensibilis\u00e9e aux difficult\u00e9s li\u00e9es \u00e0 l&rsquo;apprentissage de l&rsquo;\u00e9criture, y compris chez les enfants qui, par ailleurs, ne posent pas de probl\u00e8mes sur le plan des acquisitions scolaires.<\/p>\n\n\n\n<p>J&rsquo;ai \u00e9t\u00e9 form\u00e9e en graphoth\u00e9rapie \u00e0 Tours en 2011 par le cabinet de Josiane Delorme, formation CFJD pour les enfants, les adultes et les adolescents<\/p>\n\n\n\n<p>Cette formation plurielle m\u2019a permis de conna\u00eetre et d\u2019aborder par le biais de l\u2019art-th\u00e9rapie, outre les dysfonctionnements de l\u2019\u00e9criture, l\u2019ensemble des probl\u00e8mes rep\u00e9r\u00e9s par le pr\u00e9fixe \u00ab dys \u00bb dont la dysgraphie, la dyscalculie, la dysorthographie, la dyslexie, sans oublier le TDAH. Tous ces probl\u00e8mes perturbent d\u2019autant plus l\u2019acquisition d\u2019un geste graphique harmonieux. J\u2019ai compl\u00e9t\u00e9 cette formation en graphoth\u00e9rapie clinique et pathologique dans le groupement&nbsp;LE GESTE&nbsp;de Nathalie Schwartz, afin d\u2019accompagner les personnes dont la fonction motrice est alt\u00e9r\u00e9e par une pathologie dont l\u2019organicit\u00e9 se situe dans le syst\u00e8me nerveux, m\u00eame s\u2019il peut s\u2019agir \u00e9galement de causes m\u00e9dicamenteuses.<\/p>\n\n\n\n<p>Une r\u00e9flexion sur le caract\u00e8re un peu incomplet de la r\u00e9\u00e9ducation de l\u2019\u00e9criture m\u2019a conduite \u00e0 replacer la production de traces \u00e9crites dans le champ des m\u00e9diations, objets sp\u00e9cifiques de la d\u00e9marche de l\u2019art-th\u00e9rapie ; d\u2019o\u00f9 mon engagement dans cette voie plus f\u00e9conde que repr\u00e9sente, pour moi, l\u2019art-th\u00e9rapie, outil privil\u00e9gi\u00e9 de mon approche th\u00e9rapeutique. J\u2019irais m\u00eame jusqu\u2019\u00e0 dire que cette combinaison entre la r\u00e9\u00e9ducation de l\u2019\u00e9criture et l\u2019art-th\u00e9rapie, constitue mon approche privil\u00e9gi\u00e9e pour accompagner de nombreuses probl\u00e9matiques graphiques.<\/p>\n","protected":false},"excerpt":{"rendered":"<p>Sandrine SOUFFOY-RITTNER Th\u00e9rapeute holistique, coach en&nbsp;psychologie positive&nbsp;et consultante en transition de vie Dipl\u00f4m\u00e9e en&nbsp;th\u00e9rapie holistique&nbsp;et&nbsp;coach certifi\u00e9e en psychologie positive, j\u2019ai construit une pratique d\u00e9di\u00e9e \u00e0 l\u2019accompagnement des&nbsp;transitions scolaires, professionnelles et personnelles. Mon expertise, renforc\u00e9e par une&nbsp;formation en&nbsp;bilan de comp\u00e9tences&nbsp;(partenaire ORIENTACTION\u00ae, laur\u00e9at du&nbsp;Prix Psychologies Magazine 2025), s\u2019appuie sur une approche&nbsp;globale et humaniste, o\u00f9 chaque individu est &hellip; <\/p>\n<p class=\"link-more\"><a href=\"https:\/\/cabinet-souffoy-rittner.com\/index.php\/lequipe-pluridisciplinaire\/\" class=\"more-link\">Continuer la lecture<span class=\"screen-reader-text\"> de &laquo;&nbsp;L&rsquo;\u00e9quipe pluridisciplinaire&nbsp;&raquo;<\/span><\/a><\/p>\n","protected":false},"author":1,"featured_media":0,"parent":0,"menu_order":0,"comment_status":"closed","ping_status":"closed","template":"","meta":{"footnotes":""},"class_list":["post-478","page","type-page","status-publish","hentry"],"_links":{"self":[{"href":"https:\/\/cabinet-souffoy-rittner.com\/index.php\/wp-json\/wp\/v2\/pages\/478","targetHints":{"allow":["GET"]}}],"collection":[{"href":"https:\/\/cabinet-souffoy-rittner.com\/index.php\/wp-json\/wp\/v2\/pages"}],"about":[{"href":"https:\/\/cabinet-souffoy-rittner.com\/index.php\/wp-json\/wp\/v2\/types\/page"}],"author":[{"embeddable":true,"href":"https:\/\/cabinet-souffoy-rittner.com\/index.php\/wp-json\/wp\/v2\/users\/1"}],"replies":[{"embeddable":true,"href":"https:\/\/cabinet-souffoy-rittner.com\/index.php\/wp-json\/wp\/v2\/comments?post=478"}],"version-history":[{"count":35,"href":"https:\/\/cabinet-souffoy-rittner.com\/index.php\/wp-json\/wp\/v2\/pages\/478\/revisions"}],"predecessor-version":[{"id":720,"href":"https:\/\/cabinet-souffoy-rittner.com\/index.php\/wp-json\/wp\/v2\/pages\/478\/revisions\/720"}],"wp:attachment":[{"href":"https:\/\/cabinet-souffoy-rittner.com\/index.php\/wp-json\/wp\/v2\/media?parent=478"}],"curies":[{"name":"wp","href":"https:\/\/api.w.org\/{rel}","templated":true}]}}